{"id":5825,"date":"2018-09-15T12:51:12","date_gmt":"2018-09-15T10:51:12","guid":{"rendered":"https:\/\/servidor7.rubrika.es\/equipo\/jorge-villarino\/"},"modified":"2025-12-18T12:20:38","modified_gmt":"2025-12-18T11:20:38","slug":"jorge-villarino","status":"publish","type":"equipo","link":"https:\/\/vincesconsulting.com\/en\/equipo\/jorge-villarino\/","title":{"rendered":"Jorge Villarino"},"content":{"rendered":"<p>Jorge is the CEO of Vinces (Lawyer of the Courts on leave of absence).<\/p>\n<p><span style=\"font-weight: 400;\">Before joining Vinces, he worked for more than a decade in the Spanish Parliament, holding the following positions: <\/span><\/p>\n<ul>\n<li>Director of International Relations, Spanish Congress of Deputies (February 2012\u2013December 2014)<\/li>\n<li>Director of Budgets and Procurement at the General Secretariat of the Spanish Senate (April 2011\u2013February 2012)<\/li>\n<li>Acting Technical Director of Infrastructure for the Spanish Senate (April 2011\u2013February 2012)<\/li>\n<li>Director of International Relations, Spanish Senate (October 2007\u2013April 2011)<\/li>\n<li>Acting Director of Internal Government of the Spanish Senate (May 2007\u2013October 2007)<\/li>\n<li>Acting Director of Economic Affairs of the Spanish Senate (April 2006\u2013December 2006)<\/li>\n<\/ul>\n<p>His international experience includes:<\/p>\n<ul>\n<li>Secretary of the Spanish Delegation to the Parliamentary Assembly of the Council of Europe.<\/li>\n<li>Secretary of the Spanish Delegation to the Parliamentary Assembly of the Western European Union\/European Security and Defense Assembly.<\/li>\n<li>Contributor as an expert to the European Union&#8217;s TAIEX Program.<\/li>\n<li>Contributor as an expert to the OECD&#8217;s SIGMA Program.<\/li>\n<\/ul>\n<p><span style=\"font-weight: 400;\">He has been a professor of Legislative Affairs at IE Business School (recognized for teaching excellence) and currently teaches Introduction to International Relations at Villanueva University Center and Digital Law at Francisco de Vitoria University. <\/span><\/p>\n<p><strong>Education<\/strong><\/p>\n<ul>\n<li>Doctor of Law from Abat-Oliba CEU University in Barcelona with a doctoral thesis on privacy in the cloud computing environment. The thesis received the Annual Research Award from the Google Chair on Privacy, Society, and Innovation (2017). <\/li>\n<li>Bachelor of Laws from the University of Zaragoza.<\/li>\n<\/ul>\n<p><strong>Publications<br \/><\/strong><\/p>\n<ul>\n<li>\u201cSociedades Profesionales. Respuesta a una vieja demanda\u201d. IURIS. Actualidad y Pr\u00e1ctica del Derecho. N\u00famero 106\/junio 2006.   <\/li>\n<li>\u201cLa funci\u00f3n de impulso pol\u00edtico de los Grupos parlamentarios en las Cortes Generales\u201d; en \u201cGrupos Parlamentarios\u201d. Revista Asamblea. Monogr\u00e1fico. Asamblea de Madrid. Septiembre 2007.    <\/li>\n<li>\u201cT\u00e9cnicas patrimoniales de colaboraci\u00f3n p\u00fablico-privada: las concesiones demaniales y el arrendamiento operativo\u201d; en \u201cLa colaboraci\u00f3n p\u00fablico-privada en la gesti\u00f3n de infraestructuras y servicios p\u00fablicos\u201d, Alberto Dorrego y Franciso Mart\u00ednez (Directores), Jorge Villarino (Coordinador). Editorial La Ley, 2009. <\/li>\n<li>Coordinador de la obra \u201cLa colaboraci\u00f3n p\u00fablico-privada en la gesti\u00f3n de infraestructuras y servicios p\u00fablicos\u201d. Editorial La Ley, 2009. <\/li>\n<li>\u201cRegulaci\u00f3n de los tr\u00e1mites electorales que integran el acto del escrutinio en el sistema electoral espa\u00f1ol\u201d, en \u201cNueva Agenda electoral latinoamericana: logros, oportunidades y desaf\u00edos\u201d, Instituto Interamericano de Derechos Humanos-Centro de Asesor\u00eda y Promoci\u00f3n Electoral, Costa Rica, 2011.<\/li>\n<li>\u201cLa Uni\u00f3n Europea ante los retos de la era digital: la reforma de la pol\u00edtica europea de protecci\u00f3n de datos\u201d, en \u201cDerecho de la Uni\u00f3n Europea y el Tratado de Lisboa\u201d, Fabio Pascua Mateo (coord..\u201d, Cvitas-Homson Reuters, Cizur Menor, 2013, p\u00e1gs. 561 y siguientes.<\/li>\n<li>\u201cLa privacidad desde el dise\u00f1o en la Propuesta de Reglamento Europeo de Protecci\u00f3n de Datos\u201d, Revista Aranzadi de Derecho y Nuevas Tecnolog\u00edas, n\u00famero 32, 2013.<\/li>\n<li><em>\u201cOCDE report about Parliament\u2019s function of control. Spanish country report\u201d. Comparative study on the oversight function, Klaus Goetz, SIGMA program, OCDE <\/em>, 2013.<\/li>\n<li>\u201cPrivacidad y propiedad intelectual: el justo equilibrio entre derechos\u201d, Revista de Privacidad y Derecho Digital, n\u00famero 0, septiembre 2015, p\u00e1ginas 99 a 140.<\/li>\n<li>\u201cMalas pr\u00e1cticas y seguridad jur\u00eddica\u201d, \u201cRevista del Consejo General de la Abogac\u00eda Espa\u00f1ola\u201d, Abogados, Noviembre 2015.<\/li>\n<li>\u201cAspectos legales del cloud computing\u201d, en El derecho de Internet, Francisco P\u00e9rez Bes (coord.), Editorial Atelier, 2016.<\/li>\n<li>\u201cCuarta generaci\u00f3n de derechos: reflexiones sobre la libertad de expresi\u00f3n en Internet\u201d, Revisa de las Cortes Generales, N\u00fameros 100-101-102, junio 2018.<\/li>\n<li>\u201cEl nuevo marco regulatorio derivado del Reglamento Europeo de Protecci\u00f3n de Datos. Adaptado al Proyecto de Ley Org\u00e1nica de Protecci\u00f3n de Datos de 10 de noviembre de 2017\u201d, Wolters Kluwer, 2018.<\/li>\n<\/ul>\n","protected":false},"featured_media":6746,"template":"","clasificacion":[542],"class_list":["post-5825","equipo","type-equipo","status-publish","has-post-thumbnail","hentry","clasificacion-miembros"],"acf":[],"_links":{"self":[{"href":"https:\/\/vincesconsulting.com\/en\/wp-json\/wp\/v2\/equipo\/5825","targetHints":{"allow":["GET"]}}],"collection":[{"href":"https:\/\/vincesconsulting.com\/en\/wp-json\/wp\/v2\/equipo"}],"about":[{"href":"https:\/\/vincesconsulting.com\/en\/wp-json\/wp\/v2\/types\/equipo"}],"wp:featuredmedia":[{"embeddable":true,"href":"https:\/\/vincesconsulting.com\/en\/wp-json\/wp\/v2\/media\/6746"}],"wp:attachment":[{"href":"https:\/\/vincesconsulting.com\/en\/wp-json\/wp\/v2\/media?parent=5825"}],"wp:term":[{"taxonomy":"clasificacion","embeddable":true,"href":"https:\/\/vincesconsulting.com\/en\/wp-json\/wp\/v2\/clasificacion?post=5825"}],"curies":[{"name":"wp","href":"https:\/\/api.w.org\/{rel}","templated":true}]}}