{"id":6900,"date":"2024-09-03T16:39:09","date_gmt":"2024-09-03T14:39:09","guid":{"rendered":"https:\/\/vincesconsulting.com\/equipo\/carlos-romero-dupla\/"},"modified":"2024-09-05T12:24:15","modified_gmt":"2024-09-05T10:24:15","slug":"carlos-romero-dupla","status":"publish","type":"equipo","link":"https:\/\/vincesconsulting.com\/ca\/equipo\/carlos-romero-dupla\/","title":{"rendered":"Carlos Romero Dupl\u00e1"},"content":{"rendered":"<p class=\"p1\">Carlos \u00e9s, des del mes de mar\u00e7 de 2024 el director de l\u2019Oficina de Brussel\u00b7les de Vinces, on ofereix, des d\u2019all\u00e0 la seva \u00e0mplia experi\u00e8ncia en assumptes reguladors europeus.<\/p>\n<p class=\"p1\">Pr\u00e8viament fou, des del 2013 a 2024, conseller de Transformaci\u00f3 Digital de la Representaci\u00f3 Permanent d\u2019Espanya davant de la Uni\u00f3 Europea, amb seu a Brussel\u00b7les havent intervingut en l\u2019adopci\u00f3 de les principals normatives en mat\u00e8ria digital aprovades en la darrera d\u00e8cada (telecomunicacions, ciberseguretat, dades i plataformes)<span class=\"Apple-converted-space\">\u00a0 <\/span>liderant, durant la Presid\u00e8ncia Espanyola del Consell, la negociaci\u00f3 del Reglament d\u2019intel\u00b7lig\u00e8ncia artificial.<\/p>\n<p class=\"p1\">Des del 2012 a 2013 fou el subdirector general de Continguts de la Societat de la Informaci\u00f3 de la Secretaria d\u2019Estat de Telecomunicacions i per a la Societat de la Informaci\u00f3 del Ministeri d\u2019Ind\u00fastria, Energia i Turisme on va posar en marxa l\u2019Estrat\u00e8gia espanyola de suport als continguts digitals.<\/p>\n<p class=\"p1\">Advocat de l\u2019Estat des de l\u2019any 2001 ha exercit en posicions a les Advocacies de l\u2019Estat a Biscaia, davant l\u2019Audi\u00e8ncia Nacional i en el Ministeri d\u2019Ind\u00fastria, Turisme i Comer\u00e7. Entre l\u2019any 2006 i el 2012 fou secretari general i del Consell de l\u2019Entitat P\u00fablica Empresarial Red.es.<\/p>\n<p class=\"p1\"><b>Formaci\u00f3<\/b> <b>acad\u00e8mica<\/b>:<\/p>\n<ul class=\"ul1\">\n<li class=\"li1\">1990-1995: Llicenciatura en Dret a la Facultat de Dret de la Universitat Aut\u00f2noma de Madrid amb una qualificaci\u00f3 final d\u2019excel\u00b7lent.<\/li>\n<li class=\"li1\">1992-1993. Curs de Dret Comunitari per a la Universitat Aut\u00f2noma de Madrid.<\/li>\n<li class=\"li1\">1996-2001: Preparaci\u00f3 per a les oposicions per l\u2019ingr\u00e9s al Cos de l\u2019Advocacia de l\u2019Estat.<\/li>\n<\/ul>\n<p class=\"p1\"><b>Activitat docent<\/b><\/p>\n<ul class=\"ul1\">\n<li class=\"li1\">Des de l\u2019inici de la seva activitat professional va desenvolupar una intensa activitat docent havent de destacar la seva participaci\u00f3 en diversos cursos de formaci\u00f3 a funcionaris i professionals p\u00fablics.<\/li>\n<li class=\"li1\">Professor en el M\u00e0ster de Dret de les Telecomunicacions de la Universitat Carles III.<\/li>\n<li class=\"li1\">Des de l\u2019any 2004 fins al 2010 va preparar-se com opositor per l\u2019ingr\u00e9s al Cos d\u2019Advocaci\u00f3 de l\u2019Estat, dirigint la seva formaci\u00f3 tant en l\u2019aspecte te\u00f2ric om en la preparaci\u00f3 dels casos pr\u00e0ctics donat que \u00e9s necessari per al seu ingr\u00e9s.<\/li>\n<\/ul>\n<p class=\"p1\"><b>Publicacions<\/b><\/p>\n<ul class=\"ul1\">\n<li class=\"li1\">\u201cDefensa Normativa del empresario a trav\u00e9s de los signos distintivos: principales novedades de la Ley 17\/2001, de de diciembre de Marcas\u201d en l\u2019obra col\u00b7lectiva El Nuevo Sistema Mercantil. Ministeri de Just\u00edcia. 2005.<\/li>\n<li class=\"li1\">\u201cSeguro de Responsabilidad Civil y P\u00f3lizas de seguro\u201d en l\u2019obra col\u00b7lectiva Manual de Responsabilitat P\u00fablica. Ministeri d\u2019Economia i Hisenda i el Ministeri de Just\u00edcia. 2004.<\/li>\n<li class=\"li1\">\u201cCausas de Justificaci\u00f3n\u201d en l\u2019obra col\u00b7lectiva Manual de Delitos contra la Hisenda P\u00fablica. Ministeri de Just\u00edcia. 2004.<\/li>\n<\/ul>\n","protected":false},"featured_media":7432,"template":"","clasificacion":[],"class_list":["post-6900","equipo","type-equipo","status-publish","has-post-thumbnail","hentry"],"acf":[],"_links":{"self":[{"href":"https:\/\/vincesconsulting.com\/ca\/wp-json\/wp\/v2\/equipo\/6900","targetHints":{"allow":["GET"]}}],"collection":[{"href":"https:\/\/vincesconsulting.com\/ca\/wp-json\/wp\/v2\/equipo"}],"about":[{"href":"https:\/\/vincesconsulting.com\/ca\/wp-json\/wp\/v2\/types\/equipo"}],"wp:featuredmedia":[{"embeddable":true,"href":"https:\/\/vincesconsulting.com\/ca\/wp-json\/wp\/v2\/media\/7432"}],"wp:attachment":[{"href":"https:\/\/vincesconsulting.com\/ca\/wp-json\/wp\/v2\/media?parent=6900"}],"wp:term":[{"taxonomy":"clasificacion","embeddable":true,"href":"https:\/\/vincesconsulting.com\/ca\/wp-json\/wp\/v2\/clasificacion?post=6900"}],"curies":[{"name":"wp","href":"https:\/\/api.w.org\/{rel}","templated":true}]}}