{"id":6228,"date":"1979-01-25T15:31:38","date_gmt":"1979-01-25T14:31:38","guid":{"rendered":"https:\/\/servidor7.rubrika.es\/equipo\/ricard-tarre\/"},"modified":"2024-11-06T11:00:16","modified_gmt":"2024-11-06T10:00:16","slug":"ricard-tarre","status":"publish","type":"equipo","link":"https:\/\/vincesconsulting.com\/ca\/equipo\/ricard-tarre\/","title":{"rendered":"Ricard Tarr\u00e9"},"content":{"rendered":"<p>Ricard\u00a0Tarr\u00e9\u00a0\u00e9s desenvolupador de producte i serveis en el Departament d&#8217;Intel\u00b7lig\u00e8ncia de\u00a0VINCES.<\/p>\n<p>Graduat en Ci\u00e8ncia i Enginyeria de Dades per la Universitat Polit\u00e8cnica de Catalunya va comen\u00e7ar la seva carrera professional compaginant els seus estudis amb les seves pr\u00e0ctiques professionals en aquest despatx de consultoria estrat\u00e8gica especialitzat en Assumptes P\u00fablics.<\/p>\n<p>&nbsp;<\/p>\n","protected":false},"featured_media":7048,"template":"","clasificacion":[],"class_list":["post-6228","equipo","type-equipo","status-publish","has-post-thumbnail","hentry"],"acf":[],"_links":{"self":[{"href":"https:\/\/vincesconsulting.com\/ca\/wp-json\/wp\/v2\/equipo\/6228","targetHints":{"allow":["GET"]}}],"collection":[{"href":"https:\/\/vincesconsulting.com\/ca\/wp-json\/wp\/v2\/equipo"}],"about":[{"href":"https:\/\/vincesconsulting.com\/ca\/wp-json\/wp\/v2\/types\/equipo"}],"wp:featuredmedia":[{"embeddable":true,"href":"https:\/\/vincesconsulting.com\/ca\/wp-json\/wp\/v2\/media\/7048"}],"wp:attachment":[{"href":"https:\/\/vincesconsulting.com\/ca\/wp-json\/wp\/v2\/media?parent=6228"}],"wp:term":[{"taxonomy":"clasificacion","embeddable":true,"href":"https:\/\/vincesconsulting.com\/ca\/wp-json\/wp\/v2\/clasificacion?post=6228"}],"curies":[{"name":"wp","href":"https:\/\/api.w.org\/{rel}","templated":true}]}}