{"id":6211,"date":"2017-09-14T10:44:56","date_gmt":"2017-09-14T08:44:56","guid":{"rendered":"https:\/\/servidor7.rubrika.es\/equipo\/alfonso-gonzalez-de-leon\/"},"modified":"2019-12-07T12:40:01","modified_gmt":"2019-12-07T11:40:01","slug":"alfonso-gonzalez-de-leon","status":"publish","type":"equipo","link":"https:\/\/vincesconsulting.com\/ca\/equipo\/alfonso-gonzalez-de-leon\/","title":{"rendered":"Alfonso Gonz\u00e1lez de Le\u00f3n"},"content":{"rendered":"<p><span lang=\"CA\">L\u2019Alfonso dirigeix el desenvolupament digital oferint assessorament estrat\u00e8gic per a la gesti\u00f3\u00a0<\/span><span lang=\"CA\">de l&#8217;entorn pol\u00edtic, regulador i social.<\/span><\/p>\n<p>Pr\u00e8viament a la seva incorporaci\u00f3 a Vinces, l&#8217;Alfonso va treballar al Congr\u00e9s dels Estats Units a l&#8217;oficina de la representant Ileana Ros-Lehtinen, aix\u00ed com a l&#8217;Ambaixada d&#8217;Espanya a Washington D.C. A Espanya, ha treballat com a Assessor Legislatiu a les Corts Generals i al Parlament de Catalunya per a diferents grups parlamentaris.<\/p>\n<p>Combina la seva tasca professional amb l&#8217;activitat docent i com a analista de l&#8217;actualitat pol\u00edtica nord-americana.<\/p>\n<p><strong>Formaci\u00f3 acad\u00e8mica<\/strong><\/p>\n<ul>\n<li>Programa Avan\u00e7at en Lobby &amp; Advocacy per l\u2019IE.<\/li>\n<li>M\u00e0ster en Assumptes Legislatius per la Graduate School of Political Management, escola pertanyent a la George Washington University (amb Beca Fulbright).<\/li>\n<li>Llicenciat en Dret per la Universitat Abat Oliba CEU (Premi extraordinari de fi de carrera).<\/li>\n<li>Llicenciat en Ci\u00e8ncies Pol\u00edtiques per la Universitat Abat Oliba CEU.<\/li>\n<\/ul>\n<p><strong>Publicacions<\/strong><\/p>\n<ul>\n<li>Participaci\u00f3 en diversos programes de r\u00e0dio i televisi\u00f3 per valorar l\u2019actualitat pol\u00edtica estatunidenca (La Sexta, Cadena SER, Gestiona Radio, etc.).<\/li>\n<li>\u201cL&#8217;evoluci\u00f3 del comer\u00e7 electr\u00f2nic a la Uni\u00f3 Europea i a Espanya\u201d en <a href=\"https:\/\/editorial.tirant.com\/es\/ebook\/derecho-de-la-contratacion-electronica-y-comercio-electronico-en-la-union-europea-y-en-espana-castello-pastor-jose-juan-9788413782263\">l&#8217;obra col\u00b7lectiva<\/a> \u201cDret de la Contractaci\u00f3 Electr\u00f2nica i Comer\u00e7 Electr\u00f2nic a la Uni\u00f3 Europea i a Espanya\u201d (2021).<\/li>\n<li>Tecnolog\u00eda para un turismo sostenible (<a href=\"http:\/\/www.eleconomista.es\/opinion-blogs\/noticias\/9268174\/07\/18\/Tecnologia-para-un-turismo-sostenible.html\">El Economista<\/a>).<\/li>\n<li>Hacienda no entiende la econom\u00eda digital (<a href=\"https:\/\/cincodias.elpais.com\/cincodias\/2017\/08\/14\/companias\/1502725759_407564.html\">Cinco D\u00edas<\/a>).<\/li>\n<li>\u201cTrump y el turismo: lograr un equilibrio en la seguridad\u201d (Entrevista en <a href=\"https:\/\/www.hosteltur.com\/123091_trump-turismo-su-reto-es-lograr-equilibrio-seguridad.html\">Hosteltur<\/a>, julio 2017).<\/li>\n<li>Desarrollo del entorno digital en Espa\u00f1a (<a href=\"http:\/\/www.nexotur.com\/noticia\/93069\/NEXOTUR\/Desarrollo-del-entorno-digital-en-Espana.html\">NEXOTUR<\/a>).<\/li>\n<li>&#8220;El desarrollo de la econom\u00eda colaborativa incrementa la competitividad de los destinos&#8221; (Entrevista en <a href=\"https:\/\/www.smarttravel.news\/2017\/05\/11\/entrevista-vinces-economia-colaborativa\/\">SmartTravelNews<\/a>).<\/li>\n<li>Mitos y realidades de la agenda del presidente electo Trump (<a href=\"http:\/\/www.europapress.es\/internacional\/noticia-mitos-realidades-agenda-presidente-electo-trump-20161118110420.html\">Europa Press<\/a>).<\/li>\n<li>Trump ya no necesita un milagro (<a href=\"http:\/\/www.eleconomista.es\/opinion-blogs\/noticias\/7939213\/11\/16\/Trump-ya-no-necesita-un-milagro-.html\">El Economista<\/a>).<\/li>\n<li>El &#8216;lobby&#8217; social: las ONG defienden sus intereses (<a href=\"https:\/\/blogs.elconfidencial.com\/espana\/rincon-de-transparencia\/2015-07-24\/el-lobby-social-las-ong-defienden-sus-intereses_940429\/\">El Confidencial<\/a>).<\/li>\n<\/ul>\n<p><b>V\u00eddeos<\/b><\/p>\n<ul>\n<li style=\"list-style-type: none;\">\n<ul>\n<li><a href=\"https:\/\/www.youtube.com\/watch?v=9vmWTZyWF1I\">Spanish political landscape\u00a0<\/a><\/li>\n<\/ul>\n<\/li>\n<\/ul>\n","protected":false},"featured_media":5697,"template":"","clasificacion":[],"class_list":["post-6211","equipo","type-equipo","status-publish","has-post-thumbnail","hentry"],"acf":[],"_links":{"self":[{"href":"https:\/\/vincesconsulting.com\/ca\/wp-json\/wp\/v2\/equipo\/6211","targetHints":{"allow":["GET"]}}],"collection":[{"href":"https:\/\/vincesconsulting.com\/ca\/wp-json\/wp\/v2\/equipo"}],"about":[{"href":"https:\/\/vincesconsulting.com\/ca\/wp-json\/wp\/v2\/types\/equipo"}],"wp:featuredmedia":[{"embeddable":true,"href":"https:\/\/vincesconsulting.com\/ca\/wp-json\/wp\/v2\/media\/5697"}],"wp:attachment":[{"href":"https:\/\/vincesconsulting.com\/ca\/wp-json\/wp\/v2\/media?parent=6211"}],"wp:term":[{"taxonomy":"clasificacion","embeddable":true,"href":"https:\/\/vincesconsulting.com\/ca\/wp-json\/wp\/v2\/clasificacion?post=6211"}],"curies":[{"name":"wp","href":"https:\/\/api.w.org\/{rel}","templated":true}]}}