{"id":6192,"date":"2018-09-15T12:51:12","date_gmt":"2018-09-15T10:51:12","guid":{"rendered":"https:\/\/servidor7.rubrika.es\/equipo\/jorge-villarino\/"},"modified":"2020-01-07T12:29:23","modified_gmt":"2020-01-07T11:29:23","slug":"jorge-villarino","status":"publish","type":"equipo","link":"https:\/\/vincesconsulting.com\/ca\/equipo\/jorge-villarino\/","title":{"rendered":"Jorge Villarino"},"content":{"rendered":"<p>El Jorge \u00e9s el soci responsable del Departament de Regulaci\u00f3 (Lletrat de les Corts en exced\u00e8ncia). Presta assessorament en la vessant de l\u2019estrat\u00e8gia regulat\u00f2ria i de processos normatius. Dirigeix les pr\u00e0ctiques de sectors regulats.<\/p>\n<p>Abans de la seva incorporaci\u00f3 a Vinces, va treballar durant m\u00e9s d\u2019una d\u00e8cada al Parlament espanyol ocupant les seg\u00fcents responsabilitats:<\/p>\n<ul>\n<li>Director de Relacions Internacionals del Congr\u00e9s dels Diputats d\u2019Espanya (febrer 2012 &#8211; desembre 2014)<\/li>\n<li>Director de Pressupostos i Contractaci\u00f3 de la Secretaria General del Senat d\u2019Espanya (abril 2011 &#8211; febrer 2012)<\/li>\n<li>Director T\u00e8cnic d\u2019Infraestructures del Senat d\u2019Espanya en funcions (abril 2011 &#8211; febrer 2012)<\/li>\n<li>Director de Relacions Internacionals del Senat d\u2019Espanya (octubre 2007 &#8211; abril 2011)<\/li>\n<li>Director de Govern Interior en funcions del Senat d\u2019Espanya (maig 2007 &#8211; octubre 2007)<\/li>\n<li>Director d\u2019Assumptes Econ\u00f2mics en funcions del Senat d\u2019Espanya (abril 2006 &#8211; desembre de 2006)<\/li>\n<\/ul>\n<p>Quant a la seva experi\u00e8ncia internacional, destaca:<\/p>\n<ul>\n<li>Secretari de la Delegaci\u00f3 d\u2019Espanya davant l\u2019Assemblea Parlament\u00e0ria del Consell d\u2019Europa (Estrasburg) (gener 2006 &#8211; octubre 2009)<\/li>\n<li>\u00a0Secretari de la Delegaci\u00f3 d\u2019Espanya davant l\u2019Assemblea Parlament\u00e0ria de la Uni\u00f3 Europea Occidental\/Assemblea Europea de Seguretat i Defensa (Par\u00eds). (gener 2006 &#8211; octubre 2009)<\/li>\n<li>Col\u00b7laborador com a expert del Programa TAIEX de la Uni\u00f3 Europea.<\/li>\n<li>Col\u00b7laborador com a expert del Programa SIGMA de l\u2019OCDE.<\/li>\n<\/ul>\n<p>Ha estat professor d\u2019Assumptes Legislatius a l\u2019IE Business School (reconeixement a l\u2019excel\u00b7l\u00e8ncia docent) i actualment imparteix Introducci\u00f3 a les Relacions Internacionals al Centre Universitari Villanueva i Dret Digital a la Universitat Francisco de Vit\u00f2ria.<\/p>\n<p><strong>Formaci\u00f3 acad\u00e8mica<\/strong><\/p>\n<ul>\n<li>Doctor en Dret per la Universitat Abat Oliva CEU de Barcelona amb una tesi doctoral sobre la privacitat en l\u2019entorn de la computaci\u00f3 al n\u00favol. La tesi va rebre el Premi Anual d\u2019Investigaci\u00f3 de la C\u00e0tedra Google sobre Privacitat, Societat i Innovaci\u00f3 (2017).<\/li>\n<li>Llicenciat en Dret per la Universitat de Saragossa.<\/li>\n<\/ul>\n<p><strong>Publicacions<\/strong><\/p>\n<ul>\n<li>\u201cSociedades Profesionales. Respuesta a una vieja demanda\u201d. IURIS. Actualidad y Pr\u00e1ctica del Derecho. N\u00famero 106\/junio 2006.<\/li>\n<li>\u201cLa funci\u00f3n de impulso pol\u00edtico de los Grupos parlamentarios en las Cortes Generales\u201d; en \u201cGrupos Parlamentarios\u201d. Revista Asamblea. Monogr\u00e1fico. Asamblea de Madrid. Septiembre 2007.<\/li>\n<li>\u201cT\u00e9cnicas patrimoniales de colaboraci\u00f3n p\u00fablico-privada: las concesiones demaniales y el arrendamiento operativo\u201d; en \u201cLa colaboraci\u00f3n p\u00fablico-privada en la gesti\u00f3n de infraestructuras y servicios p\u00fablicos\u201d, Alberto Dorrego y Franciso Mart\u00ednez (Directores), Jorge Villarino (Coordinador). Editorial La Ley, 2009.<\/li>\n<li>Coordinador de la obra \u201cLa colaboraci\u00f3n p\u00fablico-privada en la gesti\u00f3n de infraestructuras y servicios p\u00fablicos\u201d. Editorial La Ley, 2009.<\/li>\n<li>\u201cRegulaci\u00f3n de los tr\u00e1mites electorales que integran el acto del escrutinio en el sistema electoral espa\u00f1ol\u201d, en \u201cNueva Agenda electoral latinoamericana: logros, oportunidades y desaf\u00edos\u201d, Instituto Interamericano de Derechos Humanos-Centro de Asesor\u00eda y Promoci\u00f3n Electoral, Costa Rica, 2011.<\/li>\n<li>\u201cLa Uni\u00f3n Europea ante los retos de la era digital: la reforma de la pol\u00edtica europea de protecci\u00f3n de datos\u201d, en \u201cDerecho de la Uni\u00f3n Europea y el Tratado de Lisboa\u201d, Fabio Pascua Mateo (coord..\u201d, Cvitas-Homson Reuters, Cizur Menor, 2013, p\u00e1gs. 561 y siguientes.<\/li>\n<li>\u201cLa privacidad desde el dise\u00f1o en la Propuesta de Reglamento Europeo de Protecci\u00f3n de Datos\u201d, Revista Aranzadi de Derecho y Nuevas Tecnolog\u00edas, n\u00famero 32, 2013.<\/li>\n<li><em>\u201cOCDE report about Parliament\u2019s function of control. Spanish country report\u201d. Comparative study on the oversight function, Klaus Goetz, SIGMA program, OCDE<\/em>, 2013.<\/li>\n<li>\u201cPrivacidad y propiedad intelectual: el justo equilibrio entre derechos\u201d, Revista de Privacidad y Derecho Digital, n\u00famero 0, septiembre 2015, p\u00e1ginas 99 a 140.<\/li>\n<li>\u201cMalas pr\u00e1cticas y seguridad jur\u00eddica\u201d, \u201cRevista del Consejo General de la Abogac\u00eda Espa\u00f1ola\u201d, Abogados, Noviembre 2015.<\/li>\n<li>\u201cAspectos legales del cloud computing\u201d, en El derecho de Internet, Francisco P\u00e9rez Bes (coord.), Editorial Atelier, 2016.<\/li>\n<li>\u201cCuarta generaci\u00f3n de derechos: reflexiones sobre la libertad de expresi\u00f3n en Internet\u201d, Revisa de las Cortes Generales, N\u00fameros 100-101-102, junio 2018.<\/li>\n<li>\u201cEl nuevo marco regulatorio derivado del Reglamento Europeo de Protecci\u00f3n de Datos. Adaptado al Proyecto de Ley Org\u00e1nica de Protecci\u00f3n de Datos de 10 de noviembre de 2017\u201d, Wolters Kluwer, 2018.<\/li>\n<\/ul>\n","protected":false},"featured_media":6745,"template":"","clasificacion":[],"class_list":["post-6192","equipo","type-equipo","status-publish","has-post-thumbnail","hentry"],"acf":[],"_links":{"self":[{"href":"https:\/\/vincesconsulting.com\/ca\/wp-json\/wp\/v2\/equipo\/6192","targetHints":{"allow":["GET"]}}],"collection":[{"href":"https:\/\/vincesconsulting.com\/ca\/wp-json\/wp\/v2\/equipo"}],"about":[{"href":"https:\/\/vincesconsulting.com\/ca\/wp-json\/wp\/v2\/types\/equipo"}],"wp:featuredmedia":[{"embeddable":true,"href":"https:\/\/vincesconsulting.com\/ca\/wp-json\/wp\/v2\/media\/6745"}],"wp:attachment":[{"href":"https:\/\/vincesconsulting.com\/ca\/wp-json\/wp\/v2\/media?parent=6192"}],"wp:term":[{"taxonomy":"clasificacion","embeddable":true,"href":"https:\/\/vincesconsulting.com\/ca\/wp-json\/wp\/v2\/clasificacion?post=6192"}],"curies":[{"name":"wp","href":"https:\/\/api.w.org\/{rel}","templated":true}]}}